{"id":4508,"date":"2022-02-24T16:43:06","date_gmt":"2022-02-24T15:43:06","guid":{"rendered":"https:\/\/mamaisonfrancaise.com\/?page_id=4508"},"modified":"2025-03-14T09:20:21","modified_gmt":"2025-03-14T08:20:21","slug":"conditions-generales","status":"publish","type":"page","link":"https:\/\/mamaisonfrancaise.com\/fr\/conditions-generales\/","title":{"rendered":"Conditions G\u00e9n\u00e9rales"},"content":{"rendered":"\n<h3 class=\"wp-block-heading\">Editeur<\/h3>\n\n\n\n<p>Le site internet www.mamaisonfrancaise.com est la propri\u00e9t\u00e9 de Kimberley Cowles (num\u00e9ro de Siren\u00a0: 501.955.470), dont le si\u00e8ge social est situ\u00e9 \u00e0 2 Rue de l\u2019Abbaye, 79190 MELLERAN.<\/p>\n\n\n\n<p>T\u00e9l\u00e9phone&nbsp;: +33 (0)6 73 89 73 09<\/p>\n\n\n\n<p>Email&nbsp;: contact@mamaisonfrancaise.com<\/p>\n\n\n\n<p>Ma Maison Fran\u00e7aise est associ\u00e9e avec<\/p>\n\n\n\n<p>LES PROFESSIONNELS.IMMO SARL au capital de 100 euros<\/p>\n\n\n\n<p>Si\u00e8ge social : 3, C\u00f4te Malangin 88700 PADOUX<\/p>\n\n\n\n<p>T\u00e9l\u00e9phone : 06 85 32 74 94 &#8211; Email : info [@] lesprofessionnels.immo<\/p>\n\n\n\n<p>N\u00b0 RCS de Paris : 484 305 750 00024    Num\u00e9ro de TVA : FR4648430575000024<\/p>\n\n\n\n<p>G\u00e9rant : Pierre-Jean ROBINOT &#8211; Carte T CPI\u00a0n\u00b0\u00a0<a href=\"https:\/\/www.cci.fr\/agent-immobilier?numero_carte=CPI88012024000000006\" target=\"_blank\" rel=\"noreferrer noopener\">CPI88012024000000006<\/a>. <a href=\"https:\/\/www.cci.fr\/web\/trouver-un-professionnel-de-l-immobilier\/documents\/-\/documents\/jesuisagentimmobilier.com\/cartes\/CPI75012016000012713\" target=\"_blank\" rel=\"noreferrer noopener\"><br><br><\/a>Notre agence ne d\u00e9tient aucun fonds pour le compte de ses clients<\/p>\n\n\n\n<h3 class=\"wp-block-heading\">L\u2019h\u00e9bergeur<\/h3>\n\n\n\n<p>Le site est h\u00e9berg\u00e9 par Port 80 Services.<br>Port 80, Mazeroux, 24470, Milhac-de-Nontron.<\/p>\n\n\n\n<h3 class=\"wp-block-heading\"><strong>Le contenu \u00e9ditorial<\/strong><\/h3>\n\n\n\n<p>Le site propose un contenu \u00e9ditorial (texte, graphique) dans un seul but documentaire et \u00e0 titre indicatif. En outre, ce contenu doit \u00eatre pris comme des \u00e9l\u00e9ments de r\u00e9flexion. Les Utilisateurs sont invit\u00e9s par l&rsquo;\u00c9diteur \u00e0 exploiter ces informations avec un esprit critique et discernement.<\/p>\n\n\n\n<h3 class=\"wp-block-heading\">Propri\u00e9t\u00e9 intellectuelle<\/h3>\n\n\n\n<p>L\u2019\u00c9diteur est titulaire de droits de propri\u00e9t\u00e9 intellectuelle sur l\u2019ensemble des contenus de son site internet. Cela signifie que les utilisateurs du site ne peuvent t\u00e9l\u00e9charger ou copier-coller les contenus prot\u00e9g\u00e9s par des droits de propri\u00e9t\u00e9 intellectuelle, \u00e0 moins que cela ne soit express\u00e9ment autoris\u00e9 par la loi ou sur autorisation pr\u00e9alable de l\u2019\u00c9diteur. <\/p>\n\n\n\n<p>En effet, le contenu du site est la propri\u00e9t\u00e9 exclusive de l\u2019\u00c9diteur, sous r\u00e9serve des \u00e9ventuels droits de ses partenaires ou cocontractants, et est prot\u00e9g\u00e9 par les lois fran\u00e7aises et internationales relatives \u00e0 la propri\u00e9t\u00e9 intellectuelle. Toute reproduction totale ou partielle est formellement interdite sous peine de poursuites. <\/p>\n\n\n\n<p>A ce titre, les \u00e9l\u00e9ments du site, pris dans leur ensemble ou individuellement, ne peuvent faire l\u2019objet d\u2019aucune utilisation, transformation, traduction, adaptation, reproduction, exploitation non express\u00e9ment autoris\u00e9e par l\u2019\u00c9diteur. Toute violation pourra \u00eatre sanctionn\u00e9 au titre de la contrefa\u00e7on dans les conditions du code de la propri\u00e9t\u00e9 intellectuelle. Il est en de m\u00eame, s\u2019il y a lieu, des bases de donn\u00e9es figurant sur le site, qui sont prot\u00e9g\u00e9es en tant que telles par la loi au titre du droit sui generis des producteurs de bases de donn\u00e9es.<\/p>\n\n\n\n<h3 class=\"wp-block-heading\">Liens hypertextes<\/h3>\n\n\n\n<p>Le site est susceptible de diriger l\u2019utilisateur via des liens hypertextes vers d\u2019autres sites internet du m\u00eame \u00c9diteur ou de tiers. Il appartient \u00e0 l\u2019utilisateur de consulter les mentions l\u00e9gales de ces sites et de respecter leurs \u00e9ventuelles conditions d\u2019utilisation. L\u2019\u00c9diteur ne pourra en aucun cas \u00eatre tenu pour responsable des informations diffus\u00e9es sur les sites avec lesquels des liens hypertextes auront \u00e9t\u00e9 install\u00e9s ainsi que de tous pr\u00e9judices de quelque nature que ce soit r\u00e9sultant notamment de leur acc\u00e8s. Si une personne dirige ses utilisateurs vers le pr\u00e9sent site internet, l\u2019\u00c9diteur se r\u00e9serve la possibilit\u00e9 de demander la suppression du lien hypertexte pointant vers ce site s\u2019il estime que ce lien n\u2019est pas conforme \u00e0 ses droits et int\u00e9r\u00eats l\u00e9gitimes.<\/p>\n\n\n\n<h3 class=\"wp-block-heading\">Politique de confidentialit\u00e9<\/h3>\n\n\n\n<p>Conform\u00e9ment \u00e0 la loi vous pouvez consulter notre <a href=\"https:\/\/mamaisonfrancaise.com\/fr\/politique-de-confidentialite\/\" data-type=\"page\" data-id=\"4506\">politique de confidentialit\u00e9<\/a>.<\/p>\n","protected":false},"excerpt":{"rendered":"<p>Editeur Le site internet www.mamaisonfrancaise.com est la propri\u00e9t\u00e9 de Kimberley Cowles (num\u00e9ro de Siren\u00a0: 501.955.470), dont le si\u00e8ge social est situ\u00e9 \u00e0 2 Rue de l\u2019Abbaye, 79190 MELLERAN. T\u00e9l\u00e9phone&nbsp;: +33 (0)6 73 89 73 09 Email&nbsp;: contact@mamaisonfrancaise.com Ma Maison Fran\u00e7aise est associ\u00e9e avec LES PROFESSIONNELS.IMMO SARL au capital de 100 euros Si\u00e8ge social : 3, [&hellip;]<\/p>\n","protected":false},"author":1,"featured_media":0,"parent":0,"menu_order":0,"comment_status":"closed","ping_status":"closed","template":"template-centered.php","meta":{"_acf_changed":false,"footnotes":""},"class_list":["post-4508","page","type-page","status-publish","hentry"],"acf":[],"yoast_head":"<!-- This site is optimized with the Yoast SEO plugin v27.5 - https:\/\/yoast.com\/product\/yoast-seo-wordpress\/ -->\n<title>Conditions G\u00e9n\u00e9rales - Ma Maison Fran\u00e7aise<\/title>\n<meta name=\"robots\" content=\"index, follow, max-snippet:-1, max-image-preview:large, max-video-preview:-1\" \/>\n<link rel=\"canonical\" href=\"https:\/\/mamaisonfrancaise.com\/fr\/conditions-generales\/\" \/>\n<meta property=\"og:locale\" content=\"fr_FR\" \/>\n<meta property=\"og:type\" content=\"article\" \/>\n<meta property=\"og:title\" content=\"Conditions G\u00e9n\u00e9rales - Ma Maison Fran\u00e7aise\" \/>\n<meta property=\"og:description\" content=\"Editeur Le site internet www.mamaisonfrancaise.com est la propri\u00e9t\u00e9 de Kimberley Cowles (num\u00e9ro de Siren\u00a0: 501.955.470), dont le si\u00e8ge social est situ\u00e9 \u00e0 2 Rue de l\u2019Abbaye, 79190 MELLERAN. T\u00e9l\u00e9phone&nbsp;: +33 (0)6 73 89 73 09 Email&nbsp;: contact@mamaisonfrancaise.com Ma Maison Fran\u00e7aise est associ\u00e9e avec LES PROFESSIONNELS.IMMO SARL au capital de 100 euros Si\u00e8ge social : 3, [&hellip;]\" \/>\n<meta property=\"og:url\" content=\"https:\/\/mamaisonfrancaise.com\/fr\/conditions-generales\/\" \/>\n<meta property=\"og:site_name\" content=\"Ma Maison Fran\u00e7aise\" \/>\n<meta property=\"article:modified_time\" content=\"2025-03-14T08:20:21+00:00\" \/>\n<meta name=\"twitter:card\" content=\"summary_large_image\" \/>\n<meta name=\"twitter:label1\" content=\"Dur\u00e9e de lecture estim\u00e9e\" \/>\n\t<meta name=\"twitter:data1\" content=\"3 minutes\" \/>\n<script type=\"application\/ld+json\" class=\"yoast-schema-graph\">{\"@context\":\"https:\\\/\\\/schema.org\",\"@graph\":[{\"@type\":\"WebPage\",\"@id\":\"https:\\\/\\\/mamaisonfrancaise.com\\\/fr\\\/conditions-generales\\\/\",\"url\":\"https:\\\/\\\/mamaisonfrancaise.com\\\/fr\\\/conditions-generales\\\/\",\"name\":\"Conditions G\u00e9n\u00e9rales - Ma Maison Fran\u00e7aise\",\"isPartOf\":{\"@id\":\"https:\\\/\\\/mamaisonfrancaise.com\\\/#website\"},\"datePublished\":\"2022-02-24T15:43:06+00:00\",\"dateModified\":\"2025-03-14T08:20:21+00:00\",\"breadcrumb\":{\"@id\":\"https:\\\/\\\/mamaisonfrancaise.com\\\/fr\\\/conditions-generales\\\/#breadcrumb\"},\"inLanguage\":\"fr-FR\",\"potentialAction\":[{\"@type\":\"ReadAction\",\"target\":[\"https:\\\/\\\/mamaisonfrancaise.com\\\/fr\\\/conditions-generales\\\/\"]}]},{\"@type\":\"BreadcrumbList\",\"@id\":\"https:\\\/\\\/mamaisonfrancaise.com\\\/fr\\\/conditions-generales\\\/#breadcrumb\",\"itemListElement\":[{\"@type\":\"ListItem\",\"position\":1,\"name\":\"Home\",\"item\":\"https:\\\/\\\/mamaisonfrancaise.com\\\/fr\\\/\"},{\"@type\":\"ListItem\",\"position\":2,\"name\":\"Conditions G\u00e9n\u00e9rales\"}]},{\"@type\":\"WebSite\",\"@id\":\"https:\\\/\\\/mamaisonfrancaise.com\\\/#website\",\"url\":\"https:\\\/\\\/mamaisonfrancaise.com\\\/\",\"name\":\"Ma Maison Fran\u00e7aise\",\"description\":\"\",\"potentialAction\":[{\"@type\":\"SearchAction\",\"target\":{\"@type\":\"EntryPoint\",\"urlTemplate\":\"https:\\\/\\\/mamaisonfrancaise.com\\\/?s={search_term_string}\"},\"query-input\":{\"@type\":\"PropertyValueSpecification\",\"valueRequired\":true,\"valueName\":\"search_term_string\"}}],\"inLanguage\":\"fr-FR\"}]}<\/script>\n<!-- \/ Yoast SEO plugin. -->","yoast_head_json":{"title":"Conditions G\u00e9n\u00e9rales - Ma Maison Fran\u00e7aise","robots":{"index":"index","follow":"follow","max-snippet":"max-snippet:-1","max-image-preview":"max-image-preview:large","max-video-preview":"max-video-preview:-1"},"canonical":"https:\/\/mamaisonfrancaise.com\/fr\/conditions-generales\/","og_locale":"fr_FR","og_type":"article","og_title":"Conditions G\u00e9n\u00e9rales - Ma Maison Fran\u00e7aise","og_description":"Editeur Le site internet www.mamaisonfrancaise.com est la propri\u00e9t\u00e9 de Kimberley Cowles (num\u00e9ro de Siren\u00a0: 501.955.470), dont le si\u00e8ge social est situ\u00e9 \u00e0 2 Rue de l\u2019Abbaye, 79190 MELLERAN. T\u00e9l\u00e9phone&nbsp;: +33 (0)6 73 89 73 09 Email&nbsp;: contact@mamaisonfrancaise.com Ma Maison Fran\u00e7aise est associ\u00e9e avec LES PROFESSIONNELS.IMMO SARL au capital de 100 euros Si\u00e8ge social : 3, [&hellip;]","og_url":"https:\/\/mamaisonfrancaise.com\/fr\/conditions-generales\/","og_site_name":"Ma Maison Fran\u00e7aise","article_modified_time":"2025-03-14T08:20:21+00:00","twitter_card":"summary_large_image","twitter_misc":{"Dur\u00e9e de lecture estim\u00e9e":"3 minutes"},"schema":{"@context":"https:\/\/schema.org","@graph":[{"@type":"WebPage","@id":"https:\/\/mamaisonfrancaise.com\/fr\/conditions-generales\/","url":"https:\/\/mamaisonfrancaise.com\/fr\/conditions-generales\/","name":"Conditions G\u00e9n\u00e9rales - Ma Maison Fran\u00e7aise","isPartOf":{"@id":"https:\/\/mamaisonfrancaise.com\/#website"},"datePublished":"2022-02-24T15:43:06+00:00","dateModified":"2025-03-14T08:20:21+00:00","breadcrumb":{"@id":"https:\/\/mamaisonfrancaise.com\/fr\/conditions-generales\/#breadcrumb"},"inLanguage":"fr-FR","potentialAction":[{"@type":"ReadAction","target":["https:\/\/mamaisonfrancaise.com\/fr\/conditions-generales\/"]}]},{"@type":"BreadcrumbList","@id":"https:\/\/mamaisonfrancaise.com\/fr\/conditions-generales\/#breadcrumb","itemListElement":[{"@type":"ListItem","position":1,"name":"Home","item":"https:\/\/mamaisonfrancaise.com\/fr\/"},{"@type":"ListItem","position":2,"name":"Conditions G\u00e9n\u00e9rales"}]},{"@type":"WebSite","@id":"https:\/\/mamaisonfrancaise.com\/#website","url":"https:\/\/mamaisonfrancaise.com\/","name":"Ma Maison Fran\u00e7aise","description":"","potentialAction":[{"@type":"SearchAction","target":{"@type":"EntryPoint","urlTemplate":"https:\/\/mamaisonfrancaise.com\/?s={search_term_string}"},"query-input":{"@type":"PropertyValueSpecification","valueRequired":true,"valueName":"search_term_string"}}],"inLanguage":"fr-FR"}]}},"_links":{"self":[{"href":"https:\/\/mamaisonfrancaise.com\/fr\/wp-json\/wp\/v2\/pages\/4508","targetHints":{"allow":["GET"]}}],"collection":[{"href":"https:\/\/mamaisonfrancaise.com\/fr\/wp-json\/wp\/v2\/pages"}],"about":[{"href":"https:\/\/mamaisonfrancaise.com\/fr\/wp-json\/wp\/v2\/types\/page"}],"author":[{"embeddable":true,"href":"https:\/\/mamaisonfrancaise.com\/fr\/wp-json\/wp\/v2\/users\/1"}],"replies":[{"embeddable":true,"href":"https:\/\/mamaisonfrancaise.com\/fr\/wp-json\/wp\/v2\/comments?post=4508"}],"version-history":[{"count":8,"href":"https:\/\/mamaisonfrancaise.com\/fr\/wp-json\/wp\/v2\/pages\/4508\/revisions"}],"predecessor-version":[{"id":12558,"href":"https:\/\/mamaisonfrancaise.com\/fr\/wp-json\/wp\/v2\/pages\/4508\/revisions\/12558"}],"wp:attachment":[{"href":"https:\/\/mamaisonfrancaise.com\/fr\/wp-json\/wp\/v2\/media?parent=4508"}],"curies":[{"name":"wp","href":"https:\/\/api.w.org\/{rel}","templated":true}]}}